{"id":1310,"date":"2018-03-09T13:04:32","date_gmt":"2018-03-09T12:04:32","guid":{"rendered":"https:\/\/www.elturistatranquil.com\/joies-al-territori\/"},"modified":"2019-09-25T13:09:35","modified_gmt":"2019-09-25T11:09:35","slug":"joies-al-territori","status":"publish","type":"page","link":"https:\/\/www.elturistatranquil.com\/ca\/joies-al-territori\/","title":{"rendered":"Joies al territori"},"content":{"rendered":"\t\t<div data-elementor-type=\"wp-post\" data-elementor-id=\"1310\" class=\"elementor elementor-1310 elementor-51\" data-elementor-post-type=\"page\">\n\t\t\t\t\t\t<section class=\"elementor-section elementor-top-section elementor-element elementor-element-edc3ed3 elementor-section-boxed elementor-section-height-default elementor-section-height-default\" data-id=\"edc3ed3\" data-element_type=\"section\" data-e-type=\"section\">\n\t\t\t\t\t\t<div class=\"elementor-container elementor-column-gap-default\">\n\t\t\t\t\t<div class=\"elementor-column elementor-col-100 elementor-top-column elementor-element elementor-element-29c8e5af\" data-id=\"29c8e5af\" data-element_type=\"column\" data-e-type=\"column\">\n\t\t\t<div class=\"elementor-widget-wrap elementor-element-populated\">\n\t\t\t\t\t\t<div class=\"elementor-element elementor-element-2a4b21ce elementor-grid-2 elementor-posts--align-left elementor-grid-tablet-2 elementor-grid-mobile-1 elementor-posts--thumbnail-top elementor-widget elementor-widget-posts\" data-id=\"2a4b21ce\" data-element_type=\"widget\" data-e-type=\"widget\" data-settings=\"{&quot;classic_columns&quot;:&quot;2&quot;,&quot;classic_row_gap&quot;:{&quot;unit&quot;:&quot;px&quot;,&quot;size&quot;:5,&quot;sizes&quot;:[]},&quot;pagination_type&quot;:&quot;numbers&quot;,&quot;classic_columns_tablet&quot;:&quot;2&quot;,&quot;classic_columns_mobile&quot;:&quot;1&quot;,&quot;classic_row_gap_tablet&quot;:{&quot;unit&quot;:&quot;px&quot;,&quot;size&quot;:&quot;&quot;,&quot;sizes&quot;:[]},&quot;classic_row_gap_mobile&quot;:{&quot;unit&quot;:&quot;px&quot;,&quot;size&quot;:&quot;&quot;,&quot;sizes&quot;:[]}}\" data-widget_type=\"posts.classic\">\n\t\t\t\t<div class=\"elementor-widget-container\">\n\t\t\t\t\t\t\t<div class=\"elementor-posts-container elementor-posts elementor-posts--skin-classic elementor-grid\" role=\"list\">\n\t\t\t\t<article class=\"elementor-post elementor-grid-item post-67203 post type-post status-publish format-standard has-post-thumbnail hentry category-albacete-ca category-arquitectura-civil-ca category-arquitectura-religiosa-ca category-castells category-ciutat category-edat-mitjana category-islamic category-joies-al-territori category-pobles-i-ciutats-amb-interes infinite-scroll-item generate-columns tablet-grid-50 mobile-grid-100 grid-parent grid-50 no-featured-image-padding\" role=\"listitem\">\n\t\t\t\t<a class=\"elementor-post__thumbnail__link\" href=\"https:\/\/www.elturistatranquil.com\/ca\/almansa-i-el-seu-castell-albacete\/\" tabindex=\"-1\" >\n\t\t\t<div class=\"elementor-post__thumbnail\"><img fetchpriority=\"high\" decoding=\"async\" width=\"768\" height=\"512\" src=\"https:\/\/www.elturistatranquil.com\/wp-content\/uploads\/F00-Almansa-Albacete.jpg\" class=\"attachment-medium size-medium wp-image-66872\" alt=\"Almansa, Albacete\" srcset=\"https:\/\/www.elturistatranquil.com\/wp-content\/uploads\/F00-Almansa-Albacete.jpg 768w, https:\/\/www.elturistatranquil.com\/wp-content\/uploads\/F00-Almansa-Albacete-339x226.jpg 339w\" sizes=\"(max-width: 768px) 100vw, 768px\" \/><\/div>\n\t\t<\/a>\n\t\t\t\t<div class=\"elementor-post__text\">\n\t\t\t\t<h3 class=\"elementor-post__title\">\n\t\t\t<a href=\"https:\/\/www.elturistatranquil.com\/ca\/almansa-i-el-seu-castell-albacete\/\" >\n\t\t\t\tAlmansa i el seu castell (Albacete)\t\t\t<\/a>\n\t\t<\/h3>\n\t\t\t\t<div class=\"elementor-post__meta-data\">\n\t\t\t\t\t<span class=\"elementor-post-date\">\n\t\t\t8 d'agost de 2026\t\t<\/span>\n\t\t\t\t<\/div>\n\t\t\t\t<div class=\"elementor-post__excerpt\">\n\t\t\t<p>\u00c0LBUM DE FOTOS Als peus de l\u00b4impressionant castell d\u00b4Almansa, s\u00b4est\u00e9n l\u00b4agradable ciutat d\u00b4Almansa (Albacete). Situada al corredor d&#8217;Almansa, ha ocupat hist\u00f2ricament un rellevant paper estrat\u00e8gic. Almansa i el seu castell<\/p>\n\t\t<\/div>\n\t\t\n\t\t<a class=\"elementor-post__read-more\" href=\"https:\/\/www.elturistatranquil.com\/ca\/almansa-i-el-seu-castell-albacete\/\" aria-label=\"Read more about Almansa i el seu castell (Albacete)\" tabindex=\"-1\" >\n\t\t\t[ ... ]\t\t<\/a>\n\n\t\t\t\t<\/div>\n\t\t\t\t<\/article>\n\t\t\t\t<article class=\"elementor-post elementor-grid-item post-66835 post type-post status-publish format-standard has-post-thumbnail hentry category-enoturisme category-joies-al-territori category-malaga-ca category-paisatge category-arqueologia-industrial-ca category-restaurant infinite-scroll-item generate-columns tablet-grid-50 mobile-grid-100 grid-parent grid-50 no-featured-image-padding\" role=\"listitem\">\n\t\t\t\t<a class=\"elementor-post__thumbnail__link\" href=\"https:\/\/www.elturistatranquil.com\/ca\/bodegas-bentomiz-malaga\/\" tabindex=\"-1\" >\n\t\t\t<div class=\"elementor-post__thumbnail\"><img decoding=\"async\" width=\"768\" height=\"576\" src=\"https:\/\/www.elturistatranquil.com\/wp-content\/uploads\/F06-Bodegas-Bentomiz-Sayalonga-Malaga.jpg\" class=\"attachment-medium size-medium wp-image-66715\" alt=\"Bodegas Bentomiz (Malaga)\" srcset=\"https:\/\/www.elturistatranquil.com\/wp-content\/uploads\/F06-Bodegas-Bentomiz-Sayalonga-Malaga.jpg 768w, https:\/\/www.elturistatranquil.com\/wp-content\/uploads\/F06-Bodegas-Bentomiz-Sayalonga-Malaga-301x226.jpg 301w\" sizes=\"(max-width: 768px) 100vw, 768px\" \/><\/div>\n\t\t<\/a>\n\t\t\t\t<div class=\"elementor-post__text\">\n\t\t\t\t<h3 class=\"elementor-post__title\">\n\t\t\t<a href=\"https:\/\/www.elturistatranquil.com\/ca\/bodegas-bentomiz-malaga\/\" >\n\t\t\t\tBodegas Bentomiz (M\u00e1laga)\t\t\t<\/a>\n\t\t<\/h3>\n\t\t\t\t<div class=\"elementor-post__meta-data\">\n\t\t\t\t\t<span class=\"elementor-post-date\">\n\t\t\t25 de juliol de 2026\t\t<\/span>\n\t\t\t\t<\/div>\n\t\t\t\t<div class=\"elementor-post__excerpt\">\n\t\t\t<p>A Bodegas Bentomiz (Sayalonga, M\u00e0laga), podem assaborir vins de les D.O. M\u00e0laga i Serres de M\u00e0laga, en un modern celler integrat al paisatge de l&#8217;Axarqu\u00eda. Bodegas Bentomiz (M\u00e1laga) Bodegas Bentomiz<\/p>\n\t\t<\/div>\n\t\t\n\t\t<a class=\"elementor-post__read-more\" href=\"https:\/\/www.elturistatranquil.com\/ca\/bodegas-bentomiz-malaga\/\" aria-label=\"Read more about Bodegas Bentomiz (M\u00e1laga)\" tabindex=\"-1\" >\n\t\t\t[ ... ]\t\t<\/a>\n\n\t\t\t\t<\/div>\n\t\t\t\t<\/article>\n\t\t\t\t<article class=\"elementor-post elementor-grid-item post-66684 post type-post status-publish format-standard has-post-thumbnail hentry category-arquitectura-civil-ca category-castello category-joies-al-territori category-preroma category-recintes-emmurallats infinite-scroll-item generate-columns tablet-grid-50 mobile-grid-100 grid-parent grid-50 no-featured-image-padding\" role=\"listitem\">\n\t\t\t\t<a class=\"elementor-post__thumbnail__link\" href=\"https:\/\/www.elturistatranquil.com\/ca\/poblat-iber-de-el-puig-de-la-nau-castello\/\" tabindex=\"-1\" >\n\t\t\t<div class=\"elementor-post__thumbnail\"><img decoding=\"async\" width=\"768\" height=\"512\" src=\"https:\/\/www.elturistatranquil.com\/wp-content\/uploads\/F00-Poblado-ibero-de-El-Puig-de-la-Nau-Benicarlo-Castellon.jpg\" class=\"attachment-medium size-medium wp-image-66667\" alt=\"Poblado ibero de El Puig de la Nau, Benicarlo, Castellon\" srcset=\"https:\/\/www.elturistatranquil.com\/wp-content\/uploads\/F00-Poblado-ibero-de-El-Puig-de-la-Nau-Benicarlo-Castellon.jpg 768w, https:\/\/www.elturistatranquil.com\/wp-content\/uploads\/F00-Poblado-ibero-de-El-Puig-de-la-Nau-Benicarlo-Castellon-339x226.jpg 339w\" sizes=\"(max-width: 768px) 100vw, 768px\" \/><\/div>\n\t\t<\/a>\n\t\t\t\t<div class=\"elementor-post__text\">\n\t\t\t\t<h3 class=\"elementor-post__title\">\n\t\t\t<a href=\"https:\/\/www.elturistatranquil.com\/ca\/poblat-iber-de-el-puig-de-la-nau-castello\/\" >\n\t\t\t\tPoblat iber de El Puig de la Nau (Castell\u00f3)\t\t\t<\/a>\n\t\t<\/h3>\n\t\t\t\t<div class=\"elementor-post__meta-data\">\n\t\t\t\t\t<span class=\"elementor-post-date\">\n\t\t\t11 de juliol de 2026\t\t<\/span>\n\t\t\t\t<\/div>\n\t\t\t\t<div class=\"elementor-post__excerpt\">\n\t\t\t<p>Les restes del poblat iber de El Puig de la Nau (Castell\u00f3\/Castell\u00f3) s\u00f3n f\u00e0cilment accessibles al costat d&#8217;una de les autopistes m\u00e9s transitades de la Pen\u00ednsula. Poblat iber de El<\/p>\n\t\t<\/div>\n\t\t\n\t\t<a class=\"elementor-post__read-more\" href=\"https:\/\/www.elturistatranquil.com\/ca\/poblat-iber-de-el-puig-de-la-nau-castello\/\" aria-label=\"Read more about Poblat iber de El Puig de la Nau (Castell\u00f3)\" tabindex=\"-1\" >\n\t\t\t[ ... ]\t\t<\/a>\n\n\t\t\t\t<\/div>\n\t\t\t\t<\/article>\n\t\t\t\t<article class=\"elementor-post elementor-grid-item post-66098 post type-post status-publish format-standard has-post-thumbnail hentry category-arquitectura-civil-ca category-arquitectura-popular-ca category-asturias-ca category-cultura-rural-ca category-etnografia-ca category-joies-al-territori category-museus category-arqueologia-industrial-ca infinite-scroll-item generate-columns tablet-grid-50 mobile-grid-100 grid-parent grid-50 no-featured-image-padding\" role=\"listitem\">\n\t\t\t\t<a class=\"elementor-post__thumbnail__link\" href=\"https:\/\/www.elturistatranquil.com\/ca\/elementor-66098\/\" tabindex=\"-1\" >\n\t\t\t<div class=\"elementor-post__thumbnail\"><img loading=\"lazy\" decoding=\"async\" width=\"768\" height=\"512\" src=\"https:\/\/www.elturistatranquil.com\/wp-content\/uploads\/F00-Museo-Etnografico-Pepe-el-Ferreiro.-Asturias.jpg\" class=\"attachment-medium size-medium wp-image-65814\" alt=\"Museo Etnografico de Grandas de Salime. Asturias\" srcset=\"https:\/\/www.elturistatranquil.com\/wp-content\/uploads\/F00-Museo-Etnografico-Pepe-el-Ferreiro.-Asturias.jpg 768w, https:\/\/www.elturistatranquil.com\/wp-content\/uploads\/F00-Museo-Etnografico-Pepe-el-Ferreiro.-Asturias-339x226.jpg 339w\" sizes=\"(max-width: 768px) 100vw, 768px\" \/><\/div>\n\t\t<\/a>\n\t\t\t\t<div class=\"elementor-post__text\">\n\t\t\t\t<h3 class=\"elementor-post__title\">\n\t\t\t<a href=\"https:\/\/www.elturistatranquil.com\/ca\/elementor-66098\/\" >\n\t\t\t\tMuseu Etnogr\u00e0fic de Grandas de Salime \u201cPepe el Ferreiro\u201d (Ast\u00faries)\t\t\t<\/a>\n\t\t<\/h3>\n\t\t\t\t<div class=\"elementor-post__meta-data\">\n\t\t\t\t\t<span class=\"elementor-post-date\">\n\t\t\t6 de juny de 2026\t\t<\/span>\n\t\t\t\t<\/div>\n\t\t\t\t<div class=\"elementor-post__excerpt\">\n\t\t\t<p>La iniciativa de \u201cPepe el Ferreiro\u201d va portar a constituir l&#8217;important Museu Etnogr\u00e0fic de Grans de Salime (Ast\u00faries). Tres mil metres quadrats dedicats a la conservaci\u00f3 i difusi\u00f3 del patrimoni<\/p>\n\t\t<\/div>\n\t\t\n\t\t<a class=\"elementor-post__read-more\" href=\"https:\/\/www.elturistatranquil.com\/ca\/elementor-66098\/\" aria-label=\"Read more about Museu Etnogr\u00e0fic de Grandas de Salime \u201cPepe el Ferreiro\u201d (Ast\u00faries)\" tabindex=\"-1\" >\n\t\t\t[ ... ]\t\t<\/a>\n\n\t\t\t\t<\/div>\n\t\t\t\t<\/article>\n\t\t\t\t<article class=\"elementor-post elementor-grid-item post-64792 post type-post status-publish format-standard has-post-thumbnail hentry category-assentments-programats category-cordova category-historia-ca category-joies-al-territori category-segle-xviii-xix infinite-scroll-item generate-columns tablet-grid-50 mobile-grid-100 grid-parent grid-50 no-featured-image-padding\" role=\"listitem\">\n\t\t\t\t<a class=\"elementor-post__thumbnail__link\" href=\"https:\/\/www.elturistatranquil.com\/ca\/la-suerte-numero-11-un-viatge-a-les-meves-arrels-a-la-carlota-cordova\/\" tabindex=\"-1\" >\n\t\t\t<div class=\"elementor-post__thumbnail\"><img loading=\"lazy\" decoding=\"async\" width=\"768\" height=\"512\" src=\"https:\/\/www.elturistatranquil.com\/wp-content\/uploads\/F00c-La-Carlota.jpg\" class=\"attachment-medium size-medium wp-image-64793\" alt=\"La Carlota, Cordova\" srcset=\"https:\/\/www.elturistatranquil.com\/wp-content\/uploads\/F00c-La-Carlota.jpg 768w, https:\/\/www.elturistatranquil.com\/wp-content\/uploads\/F00c-La-Carlota-339x226.jpg 339w\" sizes=\"(max-width: 768px) 100vw, 768px\" \/><\/div>\n\t\t<\/a>\n\t\t\t\t<div class=\"elementor-post__text\">\n\t\t\t\t<h3 class=\"elementor-post__title\">\n\t\t\t<a href=\"https:\/\/www.elturistatranquil.com\/ca\/la-suerte-numero-11-un-viatge-a-les-meves-arrels-a-la-carlota-cordova\/\" >\n\t\t\t\tLa \u201csuerte\u201d n\u00famero 11: un viatge a les meves arrels a La Carlota (C\u00f2rdova)\t\t\t<\/a>\n\t\t<\/h3>\n\t\t\t\t<div class=\"elementor-post__meta-data\">\n\t\t\t\t\t<span class=\"elementor-post-date\">\n\t\t\t21 de mar\u00e7 de 2026\t\t<\/span>\n\t\t\t\t<\/div>\n\t\t\t\t<div class=\"elementor-post__excerpt\">\n\t\t\t<p>POST CONVIDAT La \u201csuerte n\u00famero 11\u201d recull les viv\u00e8ncies d\u2019un descendent dels primers colons centreeuropeus portats a La Carlota (C\u00f2rdova) al segle XVIII, arran d\u2019una visita a la terra d\u2019on<\/p>\n\t\t<\/div>\n\t\t\n\t\t<a class=\"elementor-post__read-more\" href=\"https:\/\/www.elturistatranquil.com\/ca\/la-suerte-numero-11-un-viatge-a-les-meves-arrels-a-la-carlota-cordova\/\" aria-label=\"Read more about La \u201csuerte\u201d n\u00famero 11: un viatge a les meves arrels a La Carlota (C\u00f2rdova)\" tabindex=\"-1\" >\n\t\t\t[ ... ]\t\t<\/a>\n\n\t\t\t\t<\/div>\n\t\t\t\t<\/article>\n\t\t\t\t<article class=\"elementor-post elementor-grid-item post-64732 post type-post status-publish format-standard has-post-thumbnail hentry category-arquitectura-civil-ca category-arquitectura-popular-ca category-cultura-rural-ca category-etnografia-ca category-joies-al-territori category-parc-natural category-arqueologia-industrial-ca category-zamora-ca infinite-scroll-item generate-columns tablet-grid-50 mobile-grid-100 grid-parent grid-50 no-featured-image-padding\" role=\"listitem\">\n\t\t\t\t<a class=\"elementor-post__thumbnail__link\" href=\"https:\/\/www.elturistatranquil.com\/ca\/chivitero-de-torregamones-zamora\/\" tabindex=\"-1\" >\n\t\t\t<div class=\"elementor-post__thumbnail\"><img loading=\"lazy\" decoding=\"async\" width=\"768\" height=\"512\" src=\"https:\/\/www.elturistatranquil.com\/wp-content\/uploads\/F22-Chiviteros-de-Torregamones.-Zamora.jpg\" class=\"attachment-medium size-medium wp-image-64663\" alt=\"Chivitero de Torregamones. Zamora\" srcset=\"https:\/\/www.elturistatranquil.com\/wp-content\/uploads\/F22-Chiviteros-de-Torregamones.-Zamora.jpg 768w, https:\/\/www.elturistatranquil.com\/wp-content\/uploads\/F22-Chiviteros-de-Torregamones.-Zamora-339x226.jpg 339w\" sizes=\"(max-width: 768px) 100vw, 768px\" \/><\/div>\n\t\t<\/a>\n\t\t\t\t<div class=\"elementor-post__text\">\n\t\t\t\t<h3 class=\"elementor-post__title\">\n\t\t\t<a href=\"https:\/\/www.elturistatranquil.com\/ca\/chivitero-de-torregamones-zamora\/\" >\n\t\t\t\tChivitero de Torregamones (Zamora)\t\t\t<\/a>\n\t\t<\/h3>\n\t\t\t\t<div class=\"elementor-post__meta-data\">\n\t\t\t\t\t<span class=\"elementor-post-date\">\n\t\t\t7 de mar\u00e7 de 2026\t\t<\/span>\n\t\t\t\t<\/div>\n\t\t\t\t<div class=\"elementor-post__excerpt\">\n\t\t\t<p>El chivitero de Torregamones (Zamora), despr\u00e9s del cessament de la seva activitat fa pocs anys, el seu amo Manuel \u00c1ngel de San Antonio Mateos, \u201cManolo el Cabrero\u201d, l&#8217;ha conservat amb<\/p>\n\t\t<\/div>\n\t\t\n\t\t<a class=\"elementor-post__read-more\" href=\"https:\/\/www.elturistatranquil.com\/ca\/chivitero-de-torregamones-zamora\/\" aria-label=\"Read more about Chivitero de Torregamones (Zamora)\" tabindex=\"-1\" >\n\t\t\t[ ... ]\t\t<\/a>\n\n\t\t\t\t<\/div>\n\t\t\t\t<\/article>\n\t\t\t\t<article class=\"elementor-post elementor-grid-item post-64572 post type-post status-publish format-standard has-post-thumbnail hentry category-arquitectura-civil-ca category-arquitectura-popular-ca category-cultura-rural-ca category-etnografia-ca category-joies-al-territori category-paisatge category-parc-natural category-arqueologia-industrial-ca category-salamanca-ca infinite-scroll-item generate-columns tablet-grid-50 mobile-grid-100 grid-parent grid-50 no-featured-image-padding\" role=\"listitem\">\n\t\t\t\t<a class=\"elementor-post__thumbnail__link\" href=\"https:\/\/www.elturistatranquil.com\/ca\/chivitero-de-somaero-i-cabanes-salamanca\/\" tabindex=\"-1\" >\n\t\t\t<div class=\"elementor-post__thumbnail\"><img loading=\"lazy\" decoding=\"async\" width=\"768\" height=\"512\" src=\"https:\/\/www.elturistatranquil.com\/wp-content\/uploads\/F00-Chivitero-de-Somaero.-Salamanca.jpg\" class=\"attachment-medium size-medium wp-image-64553\" alt=\"Chivitero de Somaero. Salamanca\" srcset=\"https:\/\/www.elturistatranquil.com\/wp-content\/uploads\/F00-Chivitero-de-Somaero.-Salamanca.jpg 768w, https:\/\/www.elturistatranquil.com\/wp-content\/uploads\/F00-Chivitero-de-Somaero.-Salamanca-339x226.jpg 339w\" sizes=\"(max-width: 768px) 100vw, 768px\" \/><\/div>\n\t\t<\/a>\n\t\t\t\t<div class=\"elementor-post__text\">\n\t\t\t\t<h3 class=\"elementor-post__title\">\n\t\t\t<a href=\"https:\/\/www.elturistatranquil.com\/ca\/chivitero-de-somaero-i-cabanes-salamanca\/\" >\n\t\t\t\tChivitero de Somaero i cabanes (Salamanca)\t\t\t<\/a>\n\t\t<\/h3>\n\t\t\t\t<div class=\"elementor-post__meta-data\">\n\t\t\t\t\t<span class=\"elementor-post-date\">\n\t\t\t21 de febrer de 2026\t\t<\/span>\n\t\t\t\t<\/div>\n\t\t\t\t<div class=\"elementor-post__excerpt\">\n\t\t\t<p>Ens dirigim a observar el \u201cchivitero\u201d de Somaero, les cabanes de la Falla del Peine i el mirador de Somaero sobre el Tormes, en un paisatge de barrocs amb vegetaci\u00f3<\/p>\n\t\t<\/div>\n\t\t\n\t\t<a class=\"elementor-post__read-more\" href=\"https:\/\/www.elturistatranquil.com\/ca\/chivitero-de-somaero-i-cabanes-salamanca\/\" aria-label=\"Read more about Chivitero de Somaero i cabanes (Salamanca)\" tabindex=\"-1\" >\n\t\t\t[ ... ]\t\t<\/a>\n\n\t\t\t\t<\/div>\n\t\t\t\t<\/article>\n\t\t\t\t<article class=\"elementor-post elementor-grid-item post-64423 post type-post status-publish format-standard has-post-thumbnail hentry category-arquitectura-civil-ca category-arquitectura-popular-ca category-cultura-rural-ca category-etnografia-ca category-joies-al-territori category-arqueologia-industrial-ca category-poble category-posts-conceptuals category-salamanca-ca infinite-scroll-item generate-columns tablet-grid-50 mobile-grid-100 grid-parent grid-50 no-featured-image-padding\" role=\"listitem\">\n\t\t\t\t<a class=\"elementor-post__thumbnail__link\" href=\"https:\/\/www.elturistatranquil.com\/ca\/parc-tematic-de-larquitectura-tradicional-de-trabanca-salamanca\/\" tabindex=\"-1\" >\n\t\t\t<div class=\"elementor-post__thumbnail\"><img loading=\"lazy\" decoding=\"async\" width=\"768\" height=\"511\" src=\"https:\/\/www.elturistatranquil.com\/wp-content\/uploads\/F32-Cabana-de-pastor.jpg\" class=\"attachment-medium size-medium wp-image-64313\" alt=\"Parque arquitectura tradicional de Trabanca. Salamanca\" srcset=\"https:\/\/www.elturistatranquil.com\/wp-content\/uploads\/F32-Cabana-de-pastor.jpg 768w, https:\/\/www.elturistatranquil.com\/wp-content\/uploads\/F32-Cabana-de-pastor-339x226.jpg 339w\" sizes=\"(max-width: 768px) 100vw, 768px\" \/><\/div>\n\t\t<\/a>\n\t\t\t\t<div class=\"elementor-post__text\">\n\t\t\t\t<h3 class=\"elementor-post__title\">\n\t\t\t<a href=\"https:\/\/www.elturistatranquil.com\/ca\/parc-tematic-de-larquitectura-tradicional-de-trabanca-salamanca\/\" >\n\t\t\t\tParc tem\u00e0tic de l\u2019arquitectura tradicional de Trabanca (Salamanca)\t\t\t<\/a>\n\t\t<\/h3>\n\t\t\t\t<div class=\"elementor-post__meta-data\">\n\t\t\t\t\t<span class=\"elementor-post-date\">\n\t\t\t7 de febrer de 2026\t\t<\/span>\n\t\t\t\t<\/div>\n\t\t\t\t<div class=\"elementor-post__excerpt\">\n\t\t\t<p>Per als interessats en l&#8217;arquitectura popular i l&#8217;etnografia rural, el Parc tem\u00e0tic de l&#8217;arquitectura tradicional de Trabanca (Salamanca) \u00e9s un espai interpretatiu que val la pena visitar. Parc tem\u00e0tic de<\/p>\n\t\t<\/div>\n\t\t\n\t\t<a class=\"elementor-post__read-more\" href=\"https:\/\/www.elturistatranquil.com\/ca\/parc-tematic-de-larquitectura-tradicional-de-trabanca-salamanca\/\" aria-label=\"Read more about Parc tem\u00e0tic de l\u2019arquitectura tradicional de Trabanca (Salamanca)\" tabindex=\"-1\" >\n\t\t\t[ ... ]\t\t<\/a>\n\n\t\t\t\t<\/div>\n\t\t\t\t<\/article>\n\t\t\t\t<article class=\"elementor-post elementor-grid-item post-63744 post type-post status-publish format-standard has-post-thumbnail hentry category-arquitectura-civil-ca category-arquitectura-popular-ca category-asturias-ca category-cultura-rural-ca category-etnografia-ca category-joies-al-territori category-arqueologia-industrial-ca category-segle-xviii-xix category-segle-xx-xxi infinite-scroll-item generate-columns tablet-grid-50 mobile-grid-100 grid-parent grid-50 no-featured-image-padding\" role=\"listitem\">\n\t\t\t\t<a class=\"elementor-post__thumbnail__link\" href=\"https:\/\/www.elturistatranquil.com\/ca\/mazo-de-mazonovo-asturies\/\" tabindex=\"-1\" >\n\t\t\t<div class=\"elementor-post__thumbnail\"><img loading=\"lazy\" decoding=\"async\" width=\"768\" height=\"511\" src=\"https:\/\/www.elturistatranquil.com\/wp-content\/uploads\/F00-Mazo-de-Mazonovo.-Sta-Eulalia-de-Oscos.-Asturias.jpg\" class=\"attachment-medium size-medium wp-image-63723\" alt=\"Mazo de Mazonovo. Sta Eulalia de Oscos. Asturias\" srcset=\"https:\/\/www.elturistatranquil.com\/wp-content\/uploads\/F00-Mazo-de-Mazonovo.-Sta-Eulalia-de-Oscos.-Asturias.jpg 768w, https:\/\/www.elturistatranquil.com\/wp-content\/uploads\/F00-Mazo-de-Mazonovo.-Sta-Eulalia-de-Oscos.-Asturias-339x226.jpg 339w\" sizes=\"(max-width: 768px) 100vw, 768px\" \/><\/div>\n\t\t<\/a>\n\t\t\t\t<div class=\"elementor-post__text\">\n\t\t\t\t<h3 class=\"elementor-post__title\">\n\t\t\t<a href=\"https:\/\/www.elturistatranquil.com\/ca\/mazo-de-mazonovo-asturies\/\" >\n\t\t\t\tMazo de Mazonovo (Ast\u00faries)\t\t\t<\/a>\n\t\t<\/h3>\n\t\t\t\t<div class=\"elementor-post__meta-data\">\n\t\t\t\t\t<span class=\"elementor-post-date\">\n\t\t\t10 de gener de 2026\t\t<\/span>\n\t\t\t\t<\/div>\n\t\t\t\t<div class=\"elementor-post__excerpt\">\n\t\t\t<p>El Mazo de Mazonovo, a la Vall d&#8217;Oscos (Ast\u00faries) \u00e9s un martinet hidr\u00e0ulic encara actiu, reconvertit en conjunt etnogr\u00e0fic gestionat per ferrers en exercici. Mazo de Mazonovo (Ast\u00faries) Mazo de<\/p>\n\t\t<\/div>\n\t\t\n\t\t<a class=\"elementor-post__read-more\" href=\"https:\/\/www.elturistatranquil.com\/ca\/mazo-de-mazonovo-asturies\/\" aria-label=\"Read more about Mazo de Mazonovo (Ast\u00faries)\" tabindex=\"-1\" >\n\t\t\t[ ... ]\t\t<\/a>\n\n\t\t\t\t<\/div>\n\t\t\t\t<\/article>\n\t\t\t\t<article class=\"elementor-post elementor-grid-item post-63558 post type-post status-publish format-standard has-post-thumbnail hentry category-arquitectura-civil-ca category-historia-ca category-joies-al-territori category-la-rioja-ca category-arqueologia-industrial-ca category-segle-xviii-xix category-vila infinite-scroll-item generate-columns tablet-grid-50 mobile-grid-100 grid-parent grid-50 no-featured-image-padding\" role=\"listitem\">\n\t\t\t\t<a class=\"elementor-post__thumbnail__link\" href=\"https:\/\/www.elturistatranquil.com\/ca\/reial-fabrica-de-teixits-de-santa-barbara-ezcaray-la-rioja\/\" tabindex=\"-1\" >\n\t\t\t<div class=\"elementor-post__thumbnail\"><img loading=\"lazy\" decoding=\"async\" width=\"768\" height=\"512\" src=\"https:\/\/www.elturistatranquil.com\/wp-content\/uploads\/F00-Real-Fabrica-de-Panos-de-Santa-Barbara.jpg\" class=\"attachment-medium size-medium wp-image-63554\" alt=\"Real F\u00e1brica de Pa\u00f1os de Santa B\u00e1rbara\" srcset=\"https:\/\/www.elturistatranquil.com\/wp-content\/uploads\/F00-Real-Fabrica-de-Panos-de-Santa-Barbara.jpg 768w, https:\/\/www.elturistatranquil.com\/wp-content\/uploads\/F00-Real-Fabrica-de-Panos-de-Santa-Barbara-339x226.jpg 339w\" sizes=\"(max-width: 768px) 100vw, 768px\" \/><\/div>\n\t\t<\/a>\n\t\t\t\t<div class=\"elementor-post__text\">\n\t\t\t\t<h3 class=\"elementor-post__title\">\n\t\t\t<a href=\"https:\/\/www.elturistatranquil.com\/ca\/reial-fabrica-de-teixits-de-santa-barbara-ezcaray-la-rioja\/\" >\n\t\t\t\tReial F\u00e0brica de Teixits de Santa B\u00e0rbara (Ezcaray. La Rioja)\t\t\t<\/a>\n\t\t<\/h3>\n\t\t\t\t<div class=\"elementor-post__meta-data\">\n\t\t\t\t\t<span class=\"elementor-post-date\">\n\t\t\t27 de desembre de 2025\t\t<\/span>\n\t\t\t\t<\/div>\n\t\t\t\t<div class=\"elementor-post__excerpt\">\n\t\t\t<p>La Reial F\u00e0brica de Teixits de Santa B\u00e0rbara (Ezcaray, La Rioja) constitueix un bon observatori per estudiar les pol\u00edtiques de foment industrial de la monarquia borb\u00f2nica del segle XVIII i<\/p>\n\t\t<\/div>\n\t\t\n\t\t<a class=\"elementor-post__read-more\" href=\"https:\/\/www.elturistatranquil.com\/ca\/reial-fabrica-de-teixits-de-santa-barbara-ezcaray-la-rioja\/\" aria-label=\"Read more about Reial F\u00e0brica de Teixits de Santa B\u00e0rbara (Ezcaray. La Rioja)\" tabindex=\"-1\" >\n\t\t\t[ ... ]\t\t<\/a>\n\n\t\t\t\t<\/div>\n\t\t\t\t<\/article>\n\t\t\t\t<\/div>\n\t\t\n\t\t\t\t<div class=\"e-load-more-anchor\" data-page=\"1\" data-max-page=\"13\" data-next-page=\"https:\/\/www.elturistatranquil.com\/ca\/wp-json\/wp\/v2\/pages\/1310\/page\/2\/\"><\/div>\n\t\t\t\t<nav class=\"elementor-pagination\" aria-label=\"Paginaci\u00f3\">\n\t\t\t<span aria-current=\"page\" class=\"page-numbers current\"><span class=\"elementor-screen-only\">P\u00e0gina<\/span>1<\/span>\n<a class=\"page-numbers\" href=\"https:\/\/www.elturistatranquil.com\/ca\/wp-json\/wp\/v2\/pages\/1310\/page\/2\/\"><span class=\"elementor-screen-only\">P\u00e0gina<\/span>2<\/a>\n<a class=\"page-numbers\" href=\"https:\/\/www.elturistatranquil.com\/ca\/wp-json\/wp\/v2\/pages\/1310\/page\/3\/\"><span class=\"elementor-screen-only\">P\u00e0gina<\/span>3<\/a>\n<span class=\"page-numbers dots\">&hellip;<\/span>\n<a class=\"page-numbers\" href=\"https:\/\/www.elturistatranquil.com\/ca\/wp-json\/wp\/v2\/pages\/1310\/page\/13\/\"><span class=\"elementor-screen-only\">P\u00e0gina<\/span>13<\/a>\t\t<\/nav>\n\t\t\t\t\t\t<\/div>\n\t\t\t\t<\/div>\n\t\t\t\t\t<\/div>\n\t\t<\/div>\n\t\t\t\t\t<\/div>\n\t\t<\/section>\n\t\t\t\t<\/div>\n\t\t","protected":false},"excerpt":{"rendered":"","protected":false},"author":1,"featured_media":0,"parent":0,"menu_order":3,"comment_status":"closed","ping_status":"closed","template":"","meta":{"footnotes":""},"class_list":["post-1310","page","type-page","status-publish","hentry","infinite-scroll-item","generate-columns","tablet-grid-50","mobile-grid-100","grid-parent","grid-50","no-featured-image-padding"],"yoast_head":"<!-- This site is optimized with the Yoast SEO plugin v28.3 - https:\/\/yoast.com\/product\/yoast-seo-wordpress\/ -->\n<title>Joies al territori - El turista tranquil<\/title>\n<meta name=\"description\" content=\"Joies al territori seran llocs puntuals que sobresurtin com per que valguin la pena de fer l\u2019esfor\u00e7 d\u2019acostar-si. Poden ser grans joies, que s\u00f3n \u00e0mpliament reconegudes o petites joies en llocs m\u00e9s o menys allunyats dels circuits tur\u00edstics generals.\" \/>\n<meta name=\"robots\" content=\"index, nofollow, max-snippet:-1, max-image-preview:large, max-video-preview:-1\" \/>\n<link rel=\"canonical\" href=\"https:\/\/www.elturistatranquil.com\/ca\/joies-al-territori\/\" \/>\n<meta property=\"og:locale\" content=\"ca_ES\" \/>\n<meta property=\"og:type\" content=\"article\" \/>\n<meta property=\"og:title\" content=\"Joies al territori - El turista tranquil\" \/>\n<meta property=\"og:description\" content=\"Joies al territori seran llocs puntuals que sobresurtin com per que valguin la pena de fer l\u2019esfor\u00e7 d\u2019acostar-si. Poden ser grans joies, que s\u00f3n \u00e0mpliament reconegudes o petites joies en llocs m\u00e9s o menys allunyats dels circuits tur\u00edstics generals.\" \/>\n<meta property=\"og:url\" content=\"https:\/\/www.elturistatranquil.com\/ca\/joies-al-territori\/\" \/>\n<meta property=\"og:site_name\" content=\"El turista tranquil\" \/>\n<meta property=\"article:publisher\" content=\"https:\/\/www.facebook.com\/elturistatranquilo\/\" \/>\n<meta property=\"article:modified_time\" content=\"2019-09-25T11:09:35+00:00\" \/>\n<meta name=\"twitter:card\" content=\"summary_large_image\" \/>\n<script type=\"application\/ld+json\" class=\"yoast-schema-graph\">{\"@context\":\"https:\\\/\\\/schema.org\",\"@graph\":[{\"@type\":\"WebPage\",\"@id\":\"https:\\\/\\\/www.elturistatranquil.com\\\/ca\\\/joies-al-territori\\\/\",\"url\":\"https:\\\/\\\/www.elturistatranquil.com\\\/ca\\\/joies-al-territori\\\/\",\"name\":\"Joies al territori - El turista tranquil\",\"isPartOf\":{\"@id\":\"https:\\\/\\\/www.elturistatranquil.com\\\/ca\\\/#website\"},\"datePublished\":\"2018-03-09T12:04:32+00:00\",\"dateModified\":\"2019-09-25T11:09:35+00:00\",\"description\":\"Joies al territori seran llocs puntuals que sobresurtin com per que valguin la pena de fer l\u2019esfor\u00e7 d\u2019acostar-si. Poden ser grans joies, que s\u00f3n \u00e0mpliament reconegudes o petites joies en llocs m\u00e9s o menys allunyats dels circuits tur\u00edstics generals.\",\"breadcrumb\":{\"@id\":\"https:\\\/\\\/www.elturistatranquil.com\\\/ca\\\/joies-al-territori\\\/#breadcrumb\"},\"inLanguage\":\"ca\",\"potentialAction\":[{\"@type\":\"ReadAction\",\"target\":[\"https:\\\/\\\/www.elturistatranquil.com\\\/ca\\\/joies-al-territori\\\/\"]}]},{\"@type\":\"BreadcrumbList\",\"@id\":\"https:\\\/\\\/www.elturistatranquil.com\\\/ca\\\/joies-al-territori\\\/#breadcrumb\",\"itemListElement\":[{\"@type\":\"ListItem\",\"position\":1,\"name\":\"Portada\",\"item\":\"https:\\\/\\\/www.elturistatranquil.com\\\/ca\\\/\"},{\"@type\":\"ListItem\",\"position\":2,\"name\":\"Joies al territori\"}]},{\"@type\":\"WebSite\",\"@id\":\"https:\\\/\\\/www.elturistatranquil.com\\\/ca\\\/#website\",\"url\":\"https:\\\/\\\/www.elturistatranquil.com\\\/ca\\\/\",\"name\":\"El turista tranquil\",\"description\":\"Blog de viatges\",\"potentialAction\":[{\"@type\":\"SearchAction\",\"target\":{\"@type\":\"EntryPoint\",\"urlTemplate\":\"https:\\\/\\\/www.elturistatranquil.com\\\/ca\\\/?s={search_term_string}\"},\"query-input\":{\"@type\":\"PropertyValueSpecification\",\"valueRequired\":true,\"valueName\":\"search_term_string\"}}],\"inLanguage\":\"ca\"}]}<\/script>\n<!-- \/ Yoast SEO plugin. -->","yoast_head_json":{"title":"Joies al territori - El turista tranquil","description":"Joies al territori seran llocs puntuals que sobresurtin com per que valguin la pena de fer l\u2019esfor\u00e7 d\u2019acostar-si. Poden ser grans joies, que s\u00f3n \u00e0mpliament reconegudes o petites joies en llocs m\u00e9s o menys allunyats dels circuits tur\u00edstics generals.","robots":{"index":"index","follow":"nofollow","max-snippet":"max-snippet:-1","max-image-preview":"max-image-preview:large","max-video-preview":"max-video-preview:-1"},"canonical":"https:\/\/www.elturistatranquil.com\/ca\/joies-al-territori\/","og_locale":"ca_ES","og_type":"article","og_title":"Joies al territori - El turista tranquil","og_description":"Joies al territori seran llocs puntuals que sobresurtin com per que valguin la pena de fer l\u2019esfor\u00e7 d\u2019acostar-si. Poden ser grans joies, que s\u00f3n \u00e0mpliament reconegudes o petites joies en llocs m\u00e9s o menys allunyats dels circuits tur\u00edstics generals.","og_url":"https:\/\/www.elturistatranquil.com\/ca\/joies-al-territori\/","og_site_name":"El turista tranquil","article_publisher":"https:\/\/www.facebook.com\/elturistatranquilo\/","article_modified_time":"2019-09-25T11:09:35+00:00","twitter_card":"summary_large_image","schema":{"@context":"https:\/\/schema.org","@graph":[{"@type":"WebPage","@id":"https:\/\/www.elturistatranquil.com\/ca\/joies-al-territori\/","url":"https:\/\/www.elturistatranquil.com\/ca\/joies-al-territori\/","name":"Joies al territori - El turista tranquil","isPartOf":{"@id":"https:\/\/www.elturistatranquil.com\/ca\/#website"},"datePublished":"2018-03-09T12:04:32+00:00","dateModified":"2019-09-25T11:09:35+00:00","description":"Joies al territori seran llocs puntuals que sobresurtin com per que valguin la pena de fer l\u2019esfor\u00e7 d\u2019acostar-si. Poden ser grans joies, que s\u00f3n \u00e0mpliament reconegudes o petites joies en llocs m\u00e9s o menys allunyats dels circuits tur\u00edstics generals.","breadcrumb":{"@id":"https:\/\/www.elturistatranquil.com\/ca\/joies-al-territori\/#breadcrumb"},"inLanguage":"ca","potentialAction":[{"@type":"ReadAction","target":["https:\/\/www.elturistatranquil.com\/ca\/joies-al-territori\/"]}]},{"@type":"BreadcrumbList","@id":"https:\/\/www.elturistatranquil.com\/ca\/joies-al-territori\/#breadcrumb","itemListElement":[{"@type":"ListItem","position":1,"name":"Portada","item":"https:\/\/www.elturistatranquil.com\/ca\/"},{"@type":"ListItem","position":2,"name":"Joies al territori"}]},{"@type":"WebSite","@id":"https:\/\/www.elturistatranquil.com\/ca\/#website","url":"https:\/\/www.elturistatranquil.com\/ca\/","name":"El turista tranquil","description":"Blog de viatges","potentialAction":[{"@type":"SearchAction","target":{"@type":"EntryPoint","urlTemplate":"https:\/\/www.elturistatranquil.com\/ca\/?s={search_term_string}"},"query-input":{"@type":"PropertyValueSpecification","valueRequired":true,"valueName":"search_term_string"}}],"inLanguage":"ca"}]}},"_links":{"self":[{"href":"https:\/\/www.elturistatranquil.com\/ca\/wp-json\/wp\/v2\/pages\/1310","targetHints":{"allow":["GET"]}}],"collection":[{"href":"https:\/\/www.elturistatranquil.com\/ca\/wp-json\/wp\/v2\/pages"}],"about":[{"href":"https:\/\/www.elturistatranquil.com\/ca\/wp-json\/wp\/v2\/types\/page"}],"author":[{"embeddable":true,"href":"https:\/\/www.elturistatranquil.com\/ca\/wp-json\/wp\/v2\/users\/1"}],"replies":[{"embeddable":true,"href":"https:\/\/www.elturistatranquil.com\/ca\/wp-json\/wp\/v2\/comments?post=1310"}],"version-history":[{"count":0,"href":"https:\/\/www.elturistatranquil.com\/ca\/wp-json\/wp\/v2\/pages\/1310\/revisions"}],"wp:attachment":[{"href":"https:\/\/www.elturistatranquil.com\/ca\/wp-json\/wp\/v2\/media?parent=1310"}],"curies":[{"name":"wp","href":"https:\/\/api.w.org\/{rel}","templated":true}]}}